{"id":1181,"date":"2022-02-24T14:11:37","date_gmt":"2022-02-24T14:11:37","guid":{"rendered":"https:\/\/include-ce.eu\/about\/"},"modified":"2023-07-17T13:50:09","modified_gmt":"2023-07-17T13:50:09","slug":"about","status":"publish","type":"page","link":"https:\/\/include-ce.eu\/it\/about\/","title":{"rendered":"info"},"content":{"rendered":"<ul>\n<li>\n<p>        <img decoding=\"async\" src=\"\/wp-content\/uploads\/2023\/06\/overview.svg\" alt=\"\"><\/p>\n<h3>Panoramica<\/h3>\n<p><a href=\"#overview\"><\/a><\/p>\n<\/li>\n<li>\n<p>        <img decoding=\"async\" src=\"\/wp-content\/uploads\/2023\/06\/objectives.svg\" alt=\"\"><\/p>\n<h3>Obiettivi<\/h3>\n<p><a href=\"#objectives\"><\/a><\/p>\n<\/li>\n<li>\n<p>        <img decoding=\"async\" src=\"\/wp-content\/uploads\/2023\/06\/outputs.svg\" alt=\"\"><\/p>\n<h3>Output<\/h3>\n<p><a href=\"#outputs\"><\/a><\/p>\n<\/li>\n<li>\n<p>        <img decoding=\"async\" src=\"\/wp-content\/uploads\/2023\/06\/partners2-svg-1.svg\" alt=\"\"><\/p>\n<h3>Partner<\/h3>\n<p><a href=\"#partners1\"><\/a><\/p>\n<\/li>\n<\/ul>\n<div>\n<div id=\"overview\" class=\"uk-flex-top\" uk-modal=\"\">\n<div class=\"uk-modal-dialog uk-modal-body uk-margin-auto-vertical\">\n    <button class=\"uk-modal-close-default\" type=\"button\" uk-close><\/button><\/p>\n<div class=\"uk-modal-header\">\n<h2 class=\"uk-modal-title\">Panoramica<\/h2>\n<\/div>\n<div class=\"modal-content\">\n<p>Il progetto Include-CE \u00e8 un&#8217;iniziativa innovativa volta a promuovere l&#8217;inclusione sociale e lavorativa di migranti e rifugiati attraverso l&#8217;alfabetizzazione digitale e lo sviluppo delle competenze.<\/p>\n<p>Il progetto Include-CE, finanziato nell&#8217;ambito della sovvenzione della Commissione Europea del 2022, \u00e8 un programma completo progettato per affrontare le sfide affrontate da migranti e rifugiati nella loro ricerca di inclusione socio- lavorativa.<\/p>\n<p>Il progetto si concentra sul miglioramento dell&#8217;alfabetizzazione digitale e sulla fornitura di accesso alle risorse per lo sviluppo delle competenze e la ricerca di un lavoro, che sono fondamentali per la piena integrazione sociale e la riduzione delle disuguaglianze.\n<\/p>\n<p>Riconoscendo che l&#8217;e-inclusion \u00e8 un aspetto fondamentale della cittadinanza moderna, Include-CE cerca di responsabilizzare migranti e rifugiati rafforzando le loro competenze chiave e facilitando la loro integrazione nel mercato del lavoro.<\/p>\n<\/p><\/div>\n<\/div>\n<\/div>\n<\/div>\n<div>\n<div id=\"objectives\" class=\"uk-flex-top\" uk-modal=\"\">\n<div class=\"uk-modal-dialog uk-modal-body uk-margin-auto-vertical\">\n        <button class=\"uk-modal-close-default\" type=\"button\" uk-close><\/button><\/p>\n<div class=\"uk-modal-header\">\n<h2 class=\"uk-modal-title\">Obiettivi<\/h2>\n<\/div>\n<div class=\"modal-content\">\n<p>L&#8217;obiettivo del progetto Include-CE \u00e8 promuovere l&#8217;inclusione sociale e lavorativa di migranti e rifugiati migliorando l&#8217;alfabetizzazione digitale, favorendo lo sviluppo delle competenze e fornendo l&#8217;accesso a risorse essenziali.<\/p>\n<p>Gli obiettivi principali che il progetto vuole raggiungere sono i seguenti:<\/p>\n<ul>\n<li>Migliorare l&#8217;alfabetizzazione digitale tra la popolazione migrante.<br \/>\nSviluppare e fornire l&#8217;accesso a uno strumento che combini risorse per la formazione e la ricerca di lavoro su misura per la popolazione target.\n<\/li>\n<li>Aumentare la disponibilit\u00e0 di attrezzature tecnologiche per migranti e rifugiati per migliorare le loro competenze e condurre ricerche di lavoro complete.<\/li>\n<li>Promuovere l&#8217;e-inclusion come aspetto fondamentale della cittadinanza moderna per migranti e rifugiati.\n<\/li>\n<li>Facilitare l&#8217;integrazione nel mercato del lavoro come passo fondamentale verso il raggiungimento della piena integrazione sociale.<\/li>\n<\/ul><\/div>\n<\/div>\n<\/div>\n<\/div>\n<div>\n<div id=\"outputs\" class=\"uk-flex-top\" uk-modal=\"\">\n<div class=\"uk-modal-dialog uk-modal-body uk-margin-auto-vertical\">\n        <button class=\"uk-modal-close-default\" type=\"button\" uk-close><\/button><\/p>\n<div class=\"uk-modal-header\">\n<h2 class=\"uk-modal-title\">Output<\/h2>\n<\/div>\n<div class=\"modal-content\">\n<ul>\n<li>Programma di alfabetizzazione digitale: questo programma \u00e8 progettato per migliorare l&#8217;alfabetizzazione digitale tra migranti e rifugiati, consentendo loro di navigare nel mondo digitale. Sviluppare e fornire l&#8217;accesso a uno strumento che combini risorse per la formazione e la ricerca di lavoro su misura per la popolazione target.<\/li>\n<li>Strumento inclusivo per la formazione e la ricerca di lavoro: una piattaforma su misura che combina lo sviluppo delle competenze e le risorse per la ricerca di lavoro, consentendo a migranti e rifugiati di cogliere le opportunit\u00e0 di lavoro in autonomia.<\/li>\n<li>Iniziative per l&#8217;accesso alle attrezzature tecnologiche: questa iniziativa mira a fornire le attrezzature tecnologiche necessarie, come i computer, a migranti e rifugiati, facilitando cos\u00ec il loro accesso alle risorse per migliorare le competenze e facilitare gli sforzi per la ricerca del lavoro.<\/li>\n<li>E-Inclusion Awareness Campaign: una campagna progettata per aumentare la consapevolezza sull&#8217;importanza dell&#8217;e-inclusion e su come sia parte integrante della cittadinanza moderna, in particolare per migranti e rifugiati.<\/li>\n<li>Sostegno all&#8217;integrazione nel mercato del lavoro: questo risultato comprende una serie di servizi e risorse destinati ad aiutare migranti e rifugiati nella loro integrazione nel mercato del lavoro, un passo fondamentale verso il raggiungimento della piena integrazione sociale.<\/li>\n<\/ul><\/div>\n<\/div>\n<\/div>\n<\/div>\n<div>\n<div id=\"partners1\" class=\"uk-flex-top\" uk-modal=\"\">\n<div class=\"uk-modal-dialog uk-modal-body uk-margin-auto-vertical\">\n        <button class=\"uk-modal-close-default\" type=\"button\" uk-close><\/button><\/p>\n<div class=\"uk-modal-header\">\n<h2 class=\"uk-modal-title\">AFRICAN MEDIA ASSOCIATION MALTA<\/h2>\n<\/div>\n<div class=\"modal-content\">\n<p>\n    African Media Association Malta (AMAM) \u00e8 una ONG che focalizza sulla rappresentazione positiva dell&#8217;Africa attraverso l\u2019utilizzo dei media online, tra cui podcast radiofonici, videoclip e articoli.\n<\/p>\n<p>\nAMAM mira ad affrontare i problemi alla radice che l&#8217;Africa deve affrontare, con un&#8217;enfasi particolare sulle comunit\u00e0 di migranti, compresi i giovani e i gruppi vulnerabili come le donne migranti. <\/p>\n<p>\nPromuove la democrazia, l&#8217;inclusione sociale, i diritti umani, il rispetto, le pari opportunit\u00e0, il self-branding e il giornalismo. AMAM si occupa anche di formazione di cittadini giornalisti dilettanti e migranti, migliorandone l&#8217;alfabetizzazione mediatica e le competenze giornalistiche. Le attivit\u00e0 dell&#8217;organizzazione sono visibili sul suo canale YouTube.<\/p>\n<p>AMAM ha di fatto utilizzato la sua conoscenza diretta sulle questioni relative ai migranti, impegnandosi con il governo per apportare dei cambiamenti politici.<br \/>\nIl lavoro di AMAM nelle iniziative guidate alla comunit\u00e0 ne ha fatto un punto di riferimento per un bacino eterogeneo di comunit\u00e0 di migranti. Offre stage a studenti provenienti da tutta Europa e ha sviluppato una solida base di conoscenze per servire efficacemente le comunit\u00e0 di migranti e giovani.\n<\/p>\n<p>AMAM \u00e8 riconosciuta dall&#8217;Agenzia per il benessere dei richiedenti asilo (AWAS), che garantisce loro l&#8217;accesso ai centri per rifugiati per sostenere i gruppi vulnerabili. I suoi sforzi mirano a sostenere una societ\u00e0 coesa e migliorare la vita dei pi\u00f9 vulnerabili.<\/p>\n<p><a href=\"https:\/\/www.africanmediamalta.com\/\" target=\"_blank\" class=\"website-button\" rel=\"noopener\"> Sito web<\/a><\/div>\n<div class='koumpia'>\n<p>    <a href=\"#partners5\" class=\"uk-icon-button\" uk-icon=\"chevron-left\" uk-toggle><\/a><br \/>\n         <a href=\"#partners2\" class=\"uk-icon-button\" uk-icon=\"chevron-right\" uk-toggle><\/a>\n    <\/div>\n<\/p><\/div>\n<\/div>\n<\/div>\n<div>\n<div id=\"partners2\" class=\"uk-flex-top\" uk-modal=\"\">\n<div class=\"uk-modal-dialog uk-modal-body uk-margin-auto-vertical\">\n        <button class=\"uk-modal-close-default\" type=\"button\" uk-close><\/button><\/p>\n<div class=\"uk-modal-header\">\n<h2 class=\"uk-modal-title\">SOLIDARIDAD SIN FRONTERAS<\/h2>\n<\/div>\n<div class=\"modal-content\">\n<p>\n        Solidaridad Sin Fronteras (SSF) \u00e8 un&#8217;organizzazione non governativa composta da dieci professionisti provenienti da diversi campi. Lavorano sulla promozione del benessere, l&#8217;integrazione e lo sviluppo dei gruppi vulnerabili, favorendo la responsabilit\u00e0 sociale, la tolleranza e la giustizia.\n<\/p>\n<p>\nAvviano progetti, conducono ricerche, offrono attivit\u00e0 di formazione e seminari incentrati su temi sociali, politici e culturali, difendendo il diritto allo studio. Il lavoro \u00e8 particolarmente incentrato sul sostegno a migranti, rifugiati, richiedenti asilo e famiglie che incontrano difficolt\u00e0 nell&#8217;integrazione sociale.<\/p>\n<p>SSF ha esperienza nel fornire assistenza completa a persone a rischio, inclusi migranti, rifugiati e richiedenti asilo. Facilitano la formazione professionale, progettano proposte a medio-lungo termine per l&#8217;integrazione della cittadinanza e sviluppano programmi educativi per lo sviluppo sostenibile. La loro ricerca e analisi facilitano lo sviluppo di raccomandazioni per il governo e gli attori sociali, migliorando gli interventi e il loro raggio d&#8217;azione<\/p>\n<p><a href=\"https:\/\/ssf.org.es\/\" target=\"_blank\" class=\"website-button\" rel=\"noopener\"> Sito web<\/a><\/div>\n<div class='koumpia'>\n<p>    <a href=\"#partners1\" class=\"uk-icon-button\" uk-icon=\"chevron-left\" uk-toggle><\/a><br \/>\n         <a href=\"#partners3\" class=\"uk-icon-button\" uk-icon=\"chevron-right\" uk-toggle><\/a>\n    <\/div>\n<\/p><\/div>\n<\/div>\n<\/div>\n<div>\n<div id=\"partners3\" class=\"uk-flex-top\" uk-modal=\"\">\n<div class=\"uk-modal-dialog uk-modal-body uk-margin-auto-vertical\">\n        <button class=\"uk-modal-close-default\" type=\"button\" uk-close><\/button><\/p>\n<div class=\"uk-modal-header\">\n<h2 class=\"uk-modal-title\">ARCIRAGAZZI PORTICI &#8220;Utopia Attanasio&#8221; APS<\/h2>\n<\/div>\n<div class=\"modal-content\">\n<p>\n    Arciragazzi \u00e8 un&#8217;organizzazione impegnata nella difesa dei diritti dei bambini e nella promozione dell&#8217;inclusione sociale per tutti i giovani di et\u00e0 compresa tra i 14 e i 30 anni come: giovani con opportunit\u00e0 limitate, minori nel sistema di assistenza, giovani con background migratorio e giovani LGBT.<\/p>\n<p>\nIn collaborazione con la Cooperativa Sociale Shannara, l&#8217;organizzazione si concentra sull&#8217;empowerment dei giovani affinch\u00e9 diventino agenti di cambiamento sociale attraverso varie iniziative e tematiche.<\/p>\n<p>\nI progetti di Arciragazzi abbracciano diverse attivit\u00e0 come corsi di formazione, visite studio e scambi giovanili, sviluppati in un contesto euromediterraneo e relativo alle questioni migratorie. Le attivit\u00e0 sono proiettate verso la promozione di una societ\u00e0 coesa e nella creazione di opportunit\u00e0 di crescita per i giovani locali e migranti.\n<\/p>\n<p>\nL&#8217;organizzazione ha una solida presenza in Italia con circa 50 centri giovanili distribuiti in diverse regioni. Arciragazzi Portici, una delle sue filiali, \u00e8 un membro della Rete No Hate Speech, della Rete Europea Antirazzista (ENAR) e della Commissione Territoriale Pari Opportunit\u00e0 del Comune di Portici.<\/p>\n<\/p>\n<p><a href=\"https:\/\/www.arciragazzi.it\/\" target=\"_blank\" class=\"website-button\" rel=\"noopener\"> Sito web<\/a><\/div>\n<div class='koumpia'>\n<p>    <a href=\"#partners2\" class=\"uk-icon-button\" uk-icon=\"chevron-left\" uk-toggle><\/a><br \/>\n         <a href=\"#partners4\" class=\"uk-icon-button\" uk-icon=\"chevron-right\" uk-toggle><\/a>\n    <\/div>\n<\/p><\/div>\n<\/div>\n<\/div>\n<div>\n<div id=\"partners4\" class=\"uk-flex-top\" uk-modal=\"\">\n<div class=\"uk-modal-dialog uk-modal-body uk-margin-auto-vertical\">\n        <button class=\"uk-modal-close-default\" type=\"button\" uk-close><\/button><\/p>\n<div class=\"uk-modal-header\">\n<h2 class=\"uk-modal-title\">CARDET<\/h2>\n<\/div>\n<div class=\"modal-content\">\n<p>\n    CARDET \u00e8 il principale centro di ricerca e sviluppo nella regione del Mediterraneo con competenze globali in materia di educazione degli adulti, apprendimento delle lingue, competenze digitali, inclusione e sviluppo di capacit\u00e0.<\/p>\n<p>\nEssendo il pi\u00f9 grande centro indipendente senza scopo di lucro con sede a Cipro, CARDET \u00e8 affiliato in modo indipendente con universit\u00e0 e istituzioni di tutto il mondo, come l&#8217;Universit\u00e0 di Yale, l&#8217;Universit\u00e0 di Nicosia e l&#8217;International Council of Educational Media.\n<\/p>\n<p>\nIl team, in collaborazione con EAEA, ha recentemente sviluppato la strategia di apprendimento permanente 2021-2027 per Cipro, coinvolgendo diversi ministeri, agenzie governative, parti sociali e parti interessate pubbliche e private.<\/p>\n<p><a href=\"https:\/\/cardet.org\" target=\"_blank\" class=\"website-button\" rel=\"noopener\"> Sito web<\/a><\/div>\n<div class='koumpia'>\n<p>    <a href=\"#partners3\" class=\"uk-icon-button\" uk-icon=\"chevron-left\" uk-toggle><\/a><br \/>\n         <a href=\"#partners5\" class=\"uk-icon-button\" uk-icon=\"chevron-right\" uk-toggle><\/a>\n    <\/div>\n<\/p><\/div>\n<\/div>\n<\/div>\n<div>\n<div id=\"partners5\" class=\"uk-flex-top\" uk-modal=\"\">\n<div class=\"uk-modal-dialog uk-modal-body uk-margin-auto-vertical\">\n        <button class=\"uk-modal-close-default\" type=\"button\" uk-close><\/button><\/p>\n<div class=\"uk-modal-header\">\n<h2 class=\"uk-modal-title\">Mindshift Talent Advisory lda<\/h2>\n<\/div>\n<div class=\"modal-content\">\n<p>\n    Mindshift \u00e8 una societ\u00e0 di consulenza specializzata in Risorse Umane che investe nella performance e nell&#8217;aggiornamento delle competenze delle persone, cercando di aumentare la maturit\u00e0 digitale e interpersonale nelle organizzazioni e nella societ\u00e0.<\/p>\n<p>\nA livello nazionale, Mindshift ha come partner principale The Key Talent Portugal, HR Tech Consulting specializzata in Social Attraction e Talent Assessment che sviluppa piattaforme, come Panorama e AplyGo, che consentono di ottimizzare, implementare e gestire digital, agile e processi HR attraenti basati sull&#8217;analisi dei dati.<\/p>\n<p>\nA livello europeo, siamo un partner strategico per lo sviluppo di progetti di cooperazione transnazionale volti a creare soluzioni innovative nell&#8217;area della formazione di giovani e adulti, in sei aree chiave: upskilling &amp; riqualificazione, inclusione &amp; occupabilit\u00e0, sviluppo sostenibile, emancipazione delle donne, imprenditorialit\u00e0 e creativit\u00e0 e talento digitale.<\/p>\n<p>Mindshift \u00e8 fortemente impegnato nei principi della Responsabilit\u00e0 Sociale e dell&#8217;Agenda 2030 per lo Sviluppo Sostenibile, riunendo un team multidisciplinare.<\/p>\n<p><a href=\"https:\/\/www.mindshift.pt\/\" target=\"_blank\" class=\"website-button\" rel=\"noopener\"> Sito web<\/a><\/div>\n<div class='koumpia'>\n<p>    <a href=\"#partners4\" class=\"uk-icon-button\" uk-icon=\"chevron-left\" uk-toggle><\/a><br \/>\n         <a href=\"#partners1\" class=\"uk-icon-button\" uk-icon=\"chevron-right\" uk-toggle><\/a>\n    <\/div>\n<\/p><\/div>\n<\/div>\n<\/div>\n<p><!--more--><br \/>\n<!-- {\"type\":\"layout\",\"children\":[{\"type\":\"section\",\"props\":{\"class\":\"about-sec\",\"image_position\":\"center-center\",\"padding\":\"small\",\"style\":\"default\",\"title_breakpoint\":\"xl\",\"title_position\":\"top-left\",\"title_rotation\":\"left\",\"vertical_align\":\"middle\",\"width\":\"default\"},\"children\":[{\"type\":\"row\",\"children\":[{\"type\":\"column\",\"props\":{\"image\":\"\",\"image_position\":\"center-center\",\"media_overlay_gradient\":\"\",\"position_sticky_breakpoint\":\"m\",\"width_medium\":\"\"},\"children\":[{\"type\":\"grid\",\"props\":{\"class\":\"about-grid\",\"content_column_breakpoint\":\"m\",\"filter_align\":\"left\",\"filter_all\":true,\"filter_grid_breakpoint\":\"m\",\"filter_grid_width\":\"auto\",\"filter_position\":\"top\",\"filter_style\":\"tab\",\"grid_default\":\"2\",\"grid_large\":\"2\",\"grid_medium\":\"2\",\"grid_small\":\"2\",\"grid_xlarge\":\"2\",\"icon_width\":80,\"image_align\":\"top\",\"image_grid_breakpoint\":\"m\",\"image_grid_width\":\"1-2\",\"image_svg_color\":\"emphasis\",\"item_animation\":true,\"link_style\":\"default\",\"link_text\":\"\",\"margin\":\"default\",\"meta_align\":\"below-title\",\"meta_element\":\"div\",\"meta_style\":\"text-meta\",\"panel_link\":true,\"show_content\":true,\"show_image\":true,\"show_link\":true,\"show_meta\":true,\"show_title\":true,\"text_align\":\"center\",\"title_align\":\"top\",\"title_element\":\"h3\",\"title_grid_breakpoint\":\"m\",\"title_grid_width\":\"1-2\",\"title_hover_style\":\"reset\"},\"children\":[{\"type\":\"grid_item\",\"props\":{\"content\":\"\",\"image\":\"wp-content\\\/uploads\\\/2023\\\/06\\\/overview.svg\",\"link\":\"#overview\",\"title\":\"Panoramica\"}},{\"type\":\"grid_item\",\"props\":{\"content\":\"\",\"image\":\"wp-content\\\/uploads\\\/2023\\\/06\\\/objectives.svg\",\"link\":\"#objectives\",\"title\":\"Obiettivi\"}},{\"type\":\"grid_item\",\"props\":{\"content\":\"\",\"icon\":\"\",\"image\":\"wp-content\\\/uploads\\\/2023\\\/06\\\/outputs.svg\",\"link\":\"#outputs\",\"title\":\"Output\"}},{\"type\":\"grid_item\",\"props\":{\"content\":\"\",\"image\":\"wp-content\\\/uploads\\\/2023\\\/06\\\/partners2-svg-1.svg\",\"link\":\"#partners1\",\"title\":\"Partner\"}}]},{\"type\":\"html\",\"props\":{\"content\":\"\n\n<div id=\\\"overview\\\" class=\\\"uk-flex-top\\\" uk-modal=\\\"\\\">\\n\n\n<div class=\\\"uk-modal-dialog uk-modal-body uk-margin-auto-vertical\\\">\\n    <button class=\\\"uk-modal-close-default\\\" type=\\\"button\\\" uk-close><\\\/button>\\n\n\n<div class=\\\"uk-modal-header\\\">\\n\n\n<h2 class=\\\"uk-modal-title\\\">Panoramica<\\\/h2>\\n<\\\/div> \\n  \n\n<div class=\\\"modal-content\\\">\\n\n\n<p>Il progetto Include-CE \\u00e8 un'iniziativa innovativa volta a promuovere l'inclusione sociale e lavorativa di migranti e rifugiati attraverso l'alfabetizzazione digitale e lo sviluppo delle competenze.<\\\/p>\\n\n\n<p>Il progetto Include-CE, finanziato nell'ambito della sovvenzione della Commissione Europea del 2022, \\u00e8 un programma completo progettato per affrontare le sfide affrontate da migranti e rifugiati nella loro ricerca di inclusione socio- lavorativa.<\\\/p>\\n      \n\n<p>Il progetto si concentra sul miglioramento dell'alfabetizzazione digitale e sulla fornitura di accesso alle risorse per lo sviluppo delle competenze e la ricerca di un lavoro, che sono fondamentali per la piena integrazione sociale e la riduzione delle disuguaglianze.\\n<\\\/p>\\n      \n\n<p>Riconoscendo che l'e-inclusion \\u00e8 un aspetto fondamentale della cittadinanza moderna, Include-CE cerca di responsabilizzare migranti e rifugiati rafforzando le loro competenze chiave e facilitando la loro integrazione nel mercato del lavoro.<\\\/p>\\n <\\\/div>     \\n<\\\/div>\\n<\\\/div>\"},\"name\":\"overview\"},{\"type\":\"html\",\"props\":{\"content\":\"\n\n<div id=\\\"objectives\\\" class=\\\"uk-flex-top\\\" uk-modal=\\\"\\\">\\n\n\n<div class=\\\"uk-modal-dialog uk-modal-body uk-margin-auto-vertical\\\">\\n        <button class=\\\"uk-modal-close-default\\\" type=\\\"button\\\" uk-close><\\\/button>\\n\n\n<div class=\\\"uk-modal-header\\\">\\n\n\n<h2 class=\\\"uk-modal-title\\\">Obiettivi<\\\/h2>\\n<\\\/div>\\n    \n\n<div class=\\\"modal-content\\\">\\n\n\n<p>L'obiettivo del progetto Include-CE \\u00e8 promuovere l'inclusione sociale e lavorativa di migranti e rifugiati migliorando l'alfabetizzazione digitale, favorendo lo sviluppo delle competenze e fornendo l'accesso a risorse essenziali.<\\\/p>\\n\n\n<p>Gli obiettivi principali che il progetto vuole raggiungere sono i seguenti:<\\\/p>\\n\n\n<ul>\\n\n\n<li>Migliorare l'alfabetizzazione digitale tra la popolazione migrante.\\nSviluppare e fornire l'accesso a uno strumento che combini risorse per la formazione e la ricerca di lavoro su misura per la popolazione target.\\n<\\\/li>\\n\n\n<li>Aumentare la disponibilit\\u00e0 di attrezzature tecnologiche per migranti e rifugiati per migliorare le loro competenze e condurre ricerche di lavoro complete.<\\\/li>\\n\n\n<li>Promuovere l'e-inclusion come aspetto fondamentale della cittadinanza moderna per migranti e rifugiati.\\n<\\\/li>\\n\n\n<li>Facilitare l'integrazione nel mercato del lavoro come passo fondamentale verso il raggiungimento della piena integrazione sociale.<\\\/li>\\n<\\\/ul>\\n <\\\/div>\\n<\\\/div>\\n<\\\/div>\"},\"name\":\"objectives\"},{\"type\":\"html\",\"props\":{\"content\":\"\n\n<div id=\\\"outputs\\\" class=\\\"uk-flex-top\\\" uk-modal=\\\"\\\">\\n\n\n<div class=\\\"uk-modal-dialog uk-modal-body uk-margin-auto-vertical\\\">\\n        <button class=\\\"uk-modal-close-default\\\" type=\\\"button\\\" uk-close><\\\/button>\\n\n\n<div class=\\\"uk-modal-header\\\">\\n\n\n<h2 class=\\\"uk-modal-title\\\">Output<\\\/h2>\\n<\\\/div>\\n    \n\n<div class=\\\"modal-content\\\">\\n\n\n<ul>\\n\n\n<li>Programma di alfabetizzazione digitale: questo programma \\u00e8 progettato per migliorare l'alfabetizzazione digitale tra migranti e rifugiati, consentendo loro di navigare nel mondo digitale. Sviluppare e fornire l'accesso a uno strumento che combini risorse per la formazione e la ricerca di lavoro su misura per la popolazione target.<\\\/li>\\n\n\n<li>Strumento inclusivo per la formazione e la ricerca di lavoro: una piattaforma su misura che combina lo sviluppo delle competenze e le risorse per la ricerca di lavoro, consentendo a migranti e rifugiati di cogliere le opportunit\\u00e0 di lavoro in autonomia.<\\\/li>\\n\n\n<li>Iniziative per l'accesso alle attrezzature tecnologiche: questa iniziativa mira a fornire le attrezzature tecnologiche necessarie, come i computer, a migranti e rifugiati, facilitando cos\\u00ec il loro accesso alle risorse per migliorare le competenze e facilitare gli sforzi per la ricerca del lavoro.<\\\/li>\\n\n\n<li>E-Inclusion Awareness Campaign: una campagna progettata per aumentare la consapevolezza sull'importanza dell'e-inclusion e su come sia parte integrante della cittadinanza moderna, in particolare per migranti e rifugiati.<\\\/li>\\n\n\n<li>Sostegno all'integrazione nel mercato del lavoro: questo risultato comprende una serie di servizi e risorse destinati ad aiutare migranti e rifugiati nella loro integrazione nel mercato del lavoro, un passo fondamentale verso il raggiungimento della piena integrazione sociale.<\\\/li>\\n<\\\/ul>\\n        <\\\/div>\\n<\\\/div>\\n<\\\/div>\"},\"name\":\"outputs\"},{\"type\":\"html\",\"props\":{\"content\":\"\n\n<div id=\\\"partners1\\\" class=\\\"uk-flex-top\\\" uk-modal=\\\"\\\">\\n\n\n<div class=\\\"uk-modal-dialog uk-modal-body uk-margin-auto-vertical\\\">\\n        <button class=\\\"uk-modal-close-default\\\" type=\\\"button\\\" uk-close><\\\/button>\\n\n\n<div class=\\\"uk-modal-header\\\">\\n\n\n<h2 class=\\\"uk-modal-title\\\">AFRICAN MEDIA ASSOCIATION MALTA<\\\/h2>\\n<\\\/div>\\n    \n\n<div class=\\\"modal-content\\\">\\n\n\n<p>\\n    African Media Association Malta (AMAM) \\u00e8 una ONG che focalizza sulla rappresentazione positiva dell'Africa attraverso l\\u2019utilizzo dei media online, tra cui podcast radiofonici, videoclip e articoli.\\n<\\\/p>\n\n<p>\\nAMAM mira ad affrontare i problemi alla radice che l'Africa deve affrontare, con un'enfasi particolare sulle comunit\\u00e0 di migranti, compresi i giovani e i gruppi vulnerabili come le donne migranti. <\\\/p>\n\n<p>\\nPromuove la democrazia, l'inclusione sociale, i diritti umani, il rispetto, le pari opportunit\\u00e0, il self-branding e il giornalismo. AMAM si occupa anche di formazione di cittadini giornalisti dilettanti e migranti, migliorandone l'alfabetizzazione mediatica e le competenze giornalistiche. Le attivit\\u00e0 dell'organizzazione sono visibili sul suo canale YouTube.<\\\/p>\\n        \n\n<p>AMAM ha di fatto utilizzato la sua conoscenza diretta sulle questioni relative ai migranti, impegnandosi con il governo per apportare dei cambiamenti politici.\\nIl lavoro di AMAM nelle iniziative guidate alla comunit\\u00e0 ne ha fatto un punto di riferimento per un bacino eterogeneo di comunit\\u00e0 di migranti. Offre stage a studenti provenienti da tutta Europa e ha sviluppato una solida base di conoscenze per servire efficacemente le comunit\\u00e0 di migranti e giovani.\\n<\\\/p>\\n        \n\n<p>AMAM \\u00e8 riconosciuta dall'Agenzia per il benessere dei richiedenti asilo (AWAS), che garantisce loro l'accesso ai centri per rifugiati per sostenere i gruppi vulnerabili. I suoi sforzi mirano a sostenere una societ\\u00e0 coesa e migliorare la vita dei pi\\u00f9 vulnerabili.<\\\/p>\\n<a href=\\\"https:\\\/\\\/www.africanmediamalta.com\\\/\\\" target=\\\"_blank\\\" class=\\\"website-button\\\" rel=\\\"noopener\\\"> [website_text]<\\\/a><\\\/div>\\n    \n\n<div class='koumpia'>\\n        \\n    <a href=\\\"#partners5\\\" class=\\\"uk-icon-button\\\" uk-icon=\\\"chevron-left\\\" uk-toggle><\\\/a>\\n         <a href=\\\"#partners2\\\" class=\\\"uk-icon-button\\\" uk-icon=\\\"chevron-right\\\" uk-toggle><\\\/a>\\n    <\\\/div>\\n    <\\\/div>\\n<\\\/div>\"},\"name\":\"partners1\"},{\"type\":\"html\",\"props\":{\"content\":\"\n\n<div id=\\\"partners2\\\" class=\\\"uk-flex-top\\\" uk-modal=\\\"\\\">\\n\n\n<div class=\\\"uk-modal-dialog uk-modal-body uk-margin-auto-vertical\\\">\\n        <button class=\\\"uk-modal-close-default\\\" type=\\\"button\\\" uk-close><\\\/button>\\n\n\n<div class=\\\"uk-modal-header\\\">\\n\n\n<h2 class=\\\"uk-modal-title\\\">SOLIDARIDAD SIN FRONTERAS<\\\/h2>\\n<\\\/div>\\n    \n\n<div class=\\\"modal-content\\\">\\n\n\n<p>\\n        Solidaridad Sin Fronteras (SSF) \\u00e8 un'organizzazione non governativa composta da dieci professionisti provenienti da diversi campi. Lavorano sulla promozione del benessere, l'integrazione e lo sviluppo dei gruppi vulnerabili, favorendo la responsabilit\\u00e0 sociale, la tolleranza e la giustizia.\\n<\\\/p>\n\n<p>\\nAvviano progetti, conducono ricerche, offrono attivit\\u00e0 di formazione e seminari incentrati su temi sociali, politici e culturali, difendendo il diritto allo studio. Il lavoro \\u00e8 particolarmente incentrato sul sostegno a migranti, rifugiati, richiedenti asilo e famiglie che incontrano difficolt\\u00e0 nell'integrazione sociale.\\n\\n<\\\/p>\\n        \n\n<p>SSF ha esperienza nel fornire assistenza completa a persone a rischio, inclusi migranti, rifugiati e richiedenti asilo. Facilitano la formazione professionale, progettano proposte a medio-lungo termine per l'integrazione della cittadinanza e sviluppano programmi educativi per lo sviluppo sostenibile. La loro ricerca e analisi facilitano lo sviluppo di raccomandazioni per il governo e gli attori sociali, migliorando gli interventi e il loro raggio d'azione<\\\/p>\\n<a href=\\\"https:\\\/\\\/ssf.org.es\\\/\\\" target=\\\"_blank\\\" class=\\\"website-button\\\" rel=\\\"noopener\\\"> [website_text]<\\\/a><\\\/div>\\n    \n\n<div class='koumpia'>\\n        \\n    <a href=\\\"#partners1\\\" class=\\\"uk-icon-button\\\" uk-icon=\\\"chevron-left\\\" uk-toggle><\\\/a>\\n         <a href=\\\"#partners3\\\" class=\\\"uk-icon-button\\\" uk-icon=\\\"chevron-right\\\" uk-toggle><\\\/a>\\n    <\\\/div>\\n    <\\\/div>\\n<\\\/div>\"},\"name\":\"partners2\"},{\"type\":\"html\",\"props\":{\"content\":\"\n\n<div id=\\\"partners3\\\" class=\\\"uk-flex-top\\\" uk-modal=\\\"\\\">\\n\n\n<div class=\\\"uk-modal-dialog uk-modal-body uk-margin-auto-vertical\\\">\\n        <button class=\\\"uk-modal-close-default\\\" type=\\\"button\\\" uk-close><\\\/button>\\n\n\n<div class=\\\"uk-modal-header\\\">\\n\n\n<h2 class=\\\"uk-modal-title\\\">ARCIRAGAZZI PORTICI \\\"Utopia Attanasio\\\" APS<\\\/h2>\\n<\\\/div>\\n    \n\n<div class=\\\"modal-content\\\">\\n\n\n<p>\\n    Arciragazzi \\u00e8 un'organizzazione impegnata nella difesa dei diritti dei bambini e nella promozione dell'inclusione sociale per tutti i giovani di et\\u00e0 compresa tra i 14 e i 30 anni come: giovani con opportunit\\u00e0 limitate, minori nel sistema di assistenza, giovani con background migratorio e giovani LGBT.<\\\/p>\n\n<p>\\nIn collaborazione con la Cooperativa Sociale Shannara, l'organizzazione si concentra sull'empowerment dei giovani affinch\\u00e9 diventino agenti di cambiamento sociale attraverso varie iniziative e tematiche.<\\\/p>\n\n<p>\\nI progetti di Arciragazzi abbracciano diverse attivit\\u00e0 come corsi di formazione, visite studio e scambi giovanili, sviluppati in un contesto euromediterraneo e relativo alle questioni migratorie. Le attivit\\u00e0 sono proiettate verso la promozione di una societ\\u00e0 coesa e nella creazione di opportunit\\u00e0 di crescita per i giovani locali e migranti.\\n<\\\/p>\n\n<p>\\nL'organizzazione ha una solida presenza in Italia con circa 50 centri giovanili distribuiti in diverse regioni. Arciragazzi Portici, una delle sue filiali, \\u00e8 un membro della Rete No Hate Speech, della Rete Europea Antirazzista (ENAR) e della Commissione Territoriale Pari Opportunit\\u00e0 del Comune di Portici.<\\\/p>\\n        \n\n<p>\\n        <\\\/p>\\n<a href=\\\"https:\\\/\\\/www.arciragazzi.it\\\/\\\" target=\\\"_blank\\\" class=\\\"website-button\\\" rel=\\\"noopener\\\"> [website_text]<\\\/a><\\\/div>\\n    \n\n<div class='koumpia'>\\n        \\n    <a href=\\\"#partners2\\\" class=\\\"uk-icon-button\\\" uk-icon=\\\"chevron-left\\\" uk-toggle><\\\/a>\\n         <a href=\\\"#partners4\\\" class=\\\"uk-icon-button\\\" uk-icon=\\\"chevron-right\\\" uk-toggle><\\\/a>\\n    <\\\/div>\\n    <\\\/div>\\n<\\\/div>\"},\"name\":\"partners3\"},{\"type\":\"html\",\"props\":{\"content\":\"\n\n<div id=\\\"partners4\\\" class=\\\"uk-flex-top\\\" uk-modal=\\\"\\\">\\n\n\n<div class=\\\"uk-modal-dialog uk-modal-body uk-margin-auto-vertical\\\">\\n        <button class=\\\"uk-modal-close-default\\\" type=\\\"button\\\" uk-close><\\\/button>\\n\n\n<div class=\\\"uk-modal-header\\\">\\n\n\n<h2 class=\\\"uk-modal-title\\\">CARDET<\\\/h2>\\n<\\\/div>\\n    \n\n<div class=\\\"modal-content\\\">\\n\n\n<p>\\n    CARDET \\u00e8 il principale centro di ricerca e sviluppo nella regione del Mediterraneo con competenze globali in materia di educazione degli adulti, apprendimento delle lingue, competenze digitali, inclusione e sviluppo di capacit\\u00e0.<\\\/p>\n\n<p>\\nEssendo il pi\\u00f9 grande centro indipendente senza scopo di lucro con sede a Cipro, CARDET \\u00e8 affiliato in modo indipendente con universit\\u00e0 e istituzioni di tutto il mondo, come l'Universit\\u00e0 di Yale, l'Universit\\u00e0 di Nicosia e l'International Council of Educational Media. \\n<\\\/p>\n\n<p>\\nIl team, in collaborazione con EAEA, ha recentemente sviluppato la strategia di apprendimento permanente 2021-2027 per Cipro, coinvolgendo diversi ministeri, agenzie governative, parti sociali e parti interessate pubbliche e private.\\n\\n\\n    <\\\/p>\\n<a href=\\\"https:\\\/\\\/cardet.org\\\" target=\\\"_blank\\\" class=\\\"website-button\\\" rel=\\\"noopener\\\"> [website_text]<\\\/a><\\\/div>\\n    \n\n<div class='koumpia'>\\n        \\n    <a href=\\\"#partners3\\\" class=\\\"uk-icon-button\\\" uk-icon=\\\"chevron-left\\\" uk-toggle><\\\/a>\\n         <a href=\\\"#partners5\\\" class=\\\"uk-icon-button\\\" uk-icon=\\\"chevron-right\\\" uk-toggle><\\\/a>\\n    <\\\/div>\\n    <\\\/div>\\n<\\\/div>\"},\"name\":\"partners4\"},{\"type\":\"html\",\"props\":{\"content\":\"\n\n<div id=\\\"partners5\\\" class=\\\"uk-flex-top\\\" uk-modal=\\\"\\\">\\n\n\n<div class=\\\"uk-modal-dialog uk-modal-body uk-margin-auto-vertical\\\">\\n        <button class=\\\"uk-modal-close-default\\\" type=\\\"button\\\" uk-close><\\\/button>\\n\n\n<div class=\\\"uk-modal-header\\\">\\n\n\n<h2 class=\\\"uk-modal-title\\\">Mindshift Talent Advisory lda<\\\/h2>\\n<\\\/div>\\n    \n\n<div class=\\\"modal-content\\\">\\n\n\n<p>\\n    Mindshift \\u00e8 una societ\\u00e0 di consulenza specializzata in Risorse Umane che investe nella performance e nell'aggiornamento delle competenze delle persone, cercando di aumentare la maturit\\u00e0 digitale e interpersonale nelle organizzazioni e nella societ\\u00e0.<\\\/p>\n\n<p>\\nA livello nazionale, Mindshift ha come partner principale The Key Talent Portugal, HR Tech Consulting specializzata in Social Attraction e Talent Assessment che sviluppa piattaforme, come Panorama e AplyGo, che consentono di ottimizzare, implementare e gestire digital, agile e processi HR attraenti basati sull'analisi dei dati.<\\\/p>\n\n<p>\\nA livello europeo, siamo un partner strategico per lo sviluppo di progetti di cooperazione transnazionale volti a creare soluzioni innovative nell'area della formazione di giovani e adulti, in sei aree chiave: upskilling &amp; riqualificazione, inclusione &amp; occupabilit\\u00e0, sviluppo sostenibile, emancipazione delle donne, imprenditorialit\\u00e0 e creativit\\u00e0 e talento digitale.<\\\/p>\\n\n\n<p>Mindshift \\u00e8 fortemente impegnato nei principi della Responsabilit\\u00e0 Sociale e dell'Agenda 2030 per lo Sviluppo Sostenibile, riunendo un team multidisciplinare.\\n\\n    <\\\/p>\\n<a href=\\\"https:\\\/\\\/www.mindshift.pt\\\/\\\" target=\\\"_blank\\\" class=\\\"website-button\\\" rel=\\\"noopener\\\"> [website_text]<\\\/a><\\\/div>\\n    \n\n<div class='koumpia'>\\n        \\n    <a href=\\\"#partners4\\\" class=\\\"uk-icon-button\\\" uk-icon=\\\"chevron-left\\\" uk-toggle><\\\/a>\\n         <a href=\\\"#partners1\\\" class=\\\"uk-icon-button\\\" uk-icon=\\\"chevron-right\\\" uk-toggle><\\\/a>\\n    <\\\/div>\\n    <\\\/div>\\n<\\\/div>\"},\"name\":\"partners5\"}]}]}],\"name\":\"About\"}],\"version\":\"3.0.20\"} --><\/p>\n","protected":false},"excerpt":{"rendered":"<p>Panoramica Obiettivi Output Partner Panoramica Il progetto Include-CE \u00e8 un&#8217;iniziativa innovativa volta a promuovere l&#8217;inclusione sociale e lavorativa di migranti e rifugiati attraverso l&#8217;alfabetizzazione digitale..<\/p>\n","protected":false},"author":1,"featured_media":0,"parent":0,"menu_order":0,"comment_status":"closed","ping_status":"closed","template":"","meta":{"_acf_changed":false,"inline_featured_image":false,"footnotes":""},"class_list":["post-1181","page","type-page","status-publish","hentry"],"acf":[],"_links":{"self":[{"href":"https:\/\/include-ce.eu\/it\/wp-json\/wp\/v2\/pages\/1181","targetHints":{"allow":["GET"]}}],"collection":[{"href":"https:\/\/include-ce.eu\/it\/wp-json\/wp\/v2\/pages"}],"about":[{"href":"https:\/\/include-ce.eu\/it\/wp-json\/wp\/v2\/types\/page"}],"author":[{"embeddable":true,"href":"https:\/\/include-ce.eu\/it\/wp-json\/wp\/v2\/users\/1"}],"replies":[{"embeddable":true,"href":"https:\/\/include-ce.eu\/it\/wp-json\/wp\/v2\/comments?post=1181"}],"version-history":[{"count":10,"href":"https:\/\/include-ce.eu\/it\/wp-json\/wp\/v2\/pages\/1181\/revisions"}],"predecessor-version":[{"id":1292,"href":"https:\/\/include-ce.eu\/it\/wp-json\/wp\/v2\/pages\/1181\/revisions\/1292"}],"wp:attachment":[{"href":"https:\/\/include-ce.eu\/it\/wp-json\/wp\/v2\/media?parent=1181"}],"curies":[{"name":"wp","href":"https:\/\/api.w.org\/{rel}","templated":true}]}}